{"id":4259,"date":"2026-02-20T16:02:06","date_gmt":"2026-02-20T16:02:06","guid":{"rendered":"https:\/\/tendalscaballol.com\/?post_type=portfolio&#038;p=4259"},"modified":"2026-04-10T14:56:54","modified_gmt":"2026-04-10T14:56:54","slug":"proyecto-integral-cortinas-y-deco-textil-2","status":"publish","type":"portfolio","link":"https:\/\/tendalscaballol.com\/es\/portfolio-item\/proyecto-integral-cortinas-y-deco-textil-2\/","title":{"rendered":"ARQUITECTURA TEXTIL"},"content":{"rendered":"<div class=\"wpb-content-wrapper\"><p>[vc_section full_width=\u00bbstretch_row_content\u00bb full_height=\u00bbyes\u00bb content_placement=\u00bbmiddle\u00bb css=\u00bb.vc_custom_1746028978903{background-image: url(https:\/\/tendalscaballol.com\/wp-content\/uploads\/2025\/04\/andorra-6.png?id=4260) !important;background-position: center !important;background-repeat: no-repeat !important;background-size: cover !important;}\u00bb][vc_row full_width=\u00bbstretch_row\u00bb css=\u00bb.vc_custom_1677155097808{background-color: rgba(191,175,176,0.85) !important;*background-color: rgb(191,175,176) !important;}\u00bb][vc_column][vc_column_text]<\/p>\n<h2 class=\"title\" style=\"text-align: center;\"><span style=\"color: #ffffff;\">ARQUITECTURA TEXTIL<\/span><\/h2>\n<p>[\/vc_column_text][vc_row_inner][vc_column_inner width=\u00bb1\/3&#8243;][vc_column_text]<\/p>\n<h5 style=\"text-align: center;\"><strong>Proyecto<\/strong><br \/>\n<span style=\"color: #ffffff;\">VIVIENDA<\/span><\/h5>\n<p>[\/vc_column_text][\/vc_column_inner][vc_column_inner width=\u00bb1\/3&#8243;][vc_column_text]<\/p>\n<h5 style=\"text-align: center;\"><strong>Tipolog\u00eda de Cliente<\/strong><br \/>\n<span style=\"color: #ffffff;\">PARTICULAR<\/span><\/h5>\n<p>[\/vc_column_text][\/vc_column_inner][vc_column_inner width=\u00bb1\/3&#8243;][vc_column_text]<\/p>\n<h5 style=\"text-align: center;\"><strong>Ubicaci\u00f3n<\/strong><br \/>\n<span style=\"color: #ffffff;\">ANDORRA<\/span><\/h5>\n<p>[\/vc_column_text][\/vc_column_inner][\/vc_row_inner][\/vc_column][\/vc_row][vc_row][vc_column offset=\u00bbvc_hidden-lg vc_hidden-md\u00bb][vc_empty_space height=\u00bb5px\u00bb][\/vc_column][\/vc_row][\/vc_section][vc_row][vc_column][vc_empty_space height=\u00bb15px\u00bb][\/vc_column][\/vc_row][vc_row css=\u00bb.vc_custom_1682923300062{margin-right: 200px !important;margin-left: 200px !important;}\u00bb][vc_column width=\u00bb2\/3&#8243; offset=\u00bbvc_hidden-sm vc_hidden-xs\u00bb][vc_video link=\u00bbhttps:\/\/youtube.com\/shorts\/sPaozACwwJM\u00bb][vc_single_image image=\u00bb4260&#8243; img_size=\u00bbfull\u00bb][vc_single_image image=\u00bb4263&#8243; img_size=\u00bbfull\u00bb alignment=\u00bbcenter\u00bb][vc_single_image image=\u00bb4265&#8243; img_size=\u00bbfull\u00bb alignment=\u00bbcenter\u00bb][vc_single_image image=\u00bb4286&#8243; img_size=\u00bbfull\u00bb][vc_single_image image=\u00bb4269&#8243; img_size=\u00bbfull\u00bb][vc_single_image image=\u00bb4275&#8243; img_size=\u00bbfull\u00bb alignment=\u00bbcenter\u00bb][vc_single_image image=\u00bb4291&#8243; img_size=\u00bbfull\u00bb alignment=\u00bbcenter\u00bb][vc_single_image image=\u00bb4277&#8243; img_size=\u00bbfull\u00bb alignment=\u00bbcenter\u00bb][vc_single_image image=\u00bb4279&#8243; img_size=\u00bbfull\u00bb][vc_single_image image=\u00bb4288&#8243; img_size=\u00bbfull\u00bb][\/vc_column][vc_column width=\u00bb1\/3&#8243; css=\u00bb.vc_custom_1682923314312{margin-right: 50px !important;margin-left: 50px !important;}\u00bb offset=\u00bbvc_hidden-sm vc_hidden-xs\u00bb][vc_column_text]<\/p>\n<h4 class=\"title\"><i class=\"fas fa-arrow-right\" style=\"color:#F97C8E\" aria-hidden=\"true\"><\/i> PROYECTO<\/h4>\n<p data-pm-slice=\"1 1 []\">En esta vivienda, el tejido no es un complemento, sino el protagonista que define el car\u00e1cter de cada espacio. Hemos realizado un proyecto integral en el que la procedencia y la calidad de los tejidos (belgas, austriacos, egipcios) son el hilo conductor de un hogar sofisticado y extremadamente confortable.<\/p>\n<p>Comedor de impacto: Hemos instalado cortinas de pliegue perfecto con un tejido belga de alta calidad Su dise\u00f1o atrevido se ha coordinado con el mural de la pared, creando una continuidad visual art\u00edstica. El conjunto se sostiene sobre barras italianas de dise\u00f1o, con un perfil ancho que aporta una presencia escultural.<\/p>\n<p>Cocina y sal\u00f3n n\u00f3rdico: Buscando la luminosidad del norte de Europa, hemos combinado paquettos de tejido austriaco con una greca de color liso, coordinados con una cortina de pliegue perfecto que reproduce el mismo vivo en el detalle. Para completar el confort del sof\u00e1, una manta de pelo en color tierra aporta la calidez definitiva.<\/p>\n<p>La habitaci\u00f3n: El descanso se convierte en una experiencia sensorial gracias a una selecci\u00f3n de materiales de \u00e9lite.<\/p>\n<ul>\n<li>La cama: Vestida con una funda n\u00f3rdica de 400 hilos en algod\u00f3n egipcio de fibras largas, peinado y mercerizado. El color azul petr\u00f3leo preside la estancia, acompa\u00f1ado de complementos, pie de cama y cojines en lino natural.<\/li>\n<li>Las ventanas combinan cortinas de pliegue perfecto en terciopelo con aislamiento t\u00e9rmico y cortinas plisadas opacas instaladas en el interior del vidrio, garantizando una oscuridad y un silencio absolutos.<\/li>\n<\/ul>\n<p>Soluciones t\u00e9cnicas para ba\u00f1os y escaleras:<\/p>\n<p>Para las zonas de paso y de agua, hemos optado por la versatilidad de las cortinas plisadas multiposici\u00f3n en tejido transl\u00facido. Este sistema permite mover la cortina tanto desde arriba como desde abajo, regulando la privacidad exacta en cada momento.<\/p>\n<p>La experiencia se completa con toallas de 580 g, de rizo de algod\u00f3n peinado extralargo para una absorci\u00f3n y suavidad superiores.<\/p>\n<p>Nuestra filosof\u00eda: Creemos que la calidad se percibe en el tacto. Desde la ca\u00edda de un terciopelo hasta la resistencia de un rizo de algod\u00f3n, cada elemento de este proyecto ha sido elegido para perdurar y emocionar.<\/p>\n<p>[\/vc_column_text][vc_empty_space]\n<div class=\"wpcf7 no-js\" id=\"wpcf7-f1684-o1\" lang=\"es-ES\" dir=\"ltr\" data-wpcf7-id=\"1684\">\n<div class=\"screen-reader-response\"><p role=\"status\" aria-live=\"polite\" aria-atomic=\"true\"><\/p> <ul><\/ul><\/div>\n<form action=\"\/es\/wp-json\/wp\/v2\/portfolio\/4259#wpcf7-f1684-o1\" method=\"post\" class=\"wpcf7-form init\" aria-label=\"Formulario de contacto\" novalidate=\"novalidate\" data-status=\"init\">\n<fieldset class=\"hidden-fields-container\"><input type=\"hidden\" name=\"_wpcf7\" value=\"1684\" \/><input type=\"hidden\" name=\"_wpcf7_version\" value=\"6.1.7\" \/><input type=\"hidden\" name=\"_wpcf7_locale\" value=\"es_ES\" \/><input type=\"hidden\" name=\"_wpcf7_unit_tag\" value=\"wpcf7-f1684-o1\" \/><input type=\"hidden\" name=\"_wpcf7_container_post\" value=\"0\" \/><input type=\"hidden\" name=\"_wpcf7_posted_data_hash\" value=\"\" \/><input type=\"hidden\" name=\"_wpcf7_recaptcha_response\" value=\"\" \/>\n<\/fieldset>\n<p><label> <span class=\"wpcf7-form-control-wrap\" data-name=\"your-name\"><input size=\"40\" maxlength=\"400\" class=\"wpcf7-form-control wpcf7-text wpcf7-validates-as-required\" aria-required=\"true\" aria-invalid=\"false\" placeholder=\"Nombre y Apellidos*\" value=\"\" type=\"text\" name=\"your-name\" \/><\/span> <\/label>\n<\/p>\n<p><label> <span class=\"wpcf7-form-control-wrap\" data-name=\"tel-764\"><input size=\"40\" maxlength=\"400\" class=\"wpcf7-form-control wpcf7-tel wpcf7-validates-as-required wpcf7-text wpcf7-validates-as-tel\" aria-required=\"true\" aria-invalid=\"false\" placeholder=\"Tel\u00e9fono*\" value=\"\" type=\"tel\" name=\"tel-764\" \/><\/span> <\/label>\n<\/p>\n<p><label> <span class=\"wpcf7-form-control-wrap\" data-name=\"your-email\"><input size=\"40\" maxlength=\"400\" class=\"wpcf7-form-control wpcf7-email wpcf7-validates-as-required wpcf7-text wpcf7-validates-as-email\" aria-required=\"true\" aria-invalid=\"false\" placeholder=\"Correo electr\u00f3nico*\" value=\"\" type=\"email\" name=\"your-email\" \/><\/span> <\/label>\n<\/p>\n<p><label> <span class=\"wpcf7-form-control-wrap\" data-name=\"Poblaci\"><input size=\"40\" maxlength=\"400\" class=\"wpcf7-form-control wpcf7-text wpcf7-validates-as-required\" aria-required=\"true\" aria-invalid=\"false\" placeholder=\"Localidad*\" value=\"\" type=\"text\" name=\"Poblaci\" \/><\/span> <\/label>\n<\/p>\n<p>Estoy interesado\/da en:<br \/>\n<span class=\"wpcf7-form-control-wrap\" data-name=\"checkbox-469\"><span class=\"wpcf7-form-control wpcf7-checkbox\"><span class=\"wpcf7-list-item first\"><label><input type=\"checkbox\" name=\"checkbox-469[]\" value=\"Toldos\" \/><span class=\"wpcf7-list-item-label\">Toldos<\/span><\/label><\/span><span class=\"wpcf7-list-item\"><label><input type=\"checkbox\" name=\"checkbox-469[]\" value=\"P\u00e9rgolas\" \/><span class=\"wpcf7-list-item-label\">P\u00e9rgolas<\/span><\/label><\/span><span class=\"wpcf7-list-item\"><label><input type=\"checkbox\" name=\"checkbox-469[]\" value=\"Motorizaci\u00f3n y dom\u00f3tica\" \/><span class=\"wpcf7-list-item-label\">Motorizaci\u00f3n y dom\u00f3tica<\/span><\/label><\/span><span class=\"wpcf7-list-item\"><label><input type=\"checkbox\" name=\"checkbox-469[]\" value=\"Cortinas\" \/><span class=\"wpcf7-list-item-label\">Cortinas<\/span><\/label><\/span><span class=\"wpcf7-list-item last\"><label><input type=\"checkbox\" name=\"checkbox-469[]\" value=\"Mosquiteras\" \/><span class=\"wpcf7-list-item-label\">Mosquiteras<\/span><\/label><\/span><\/span><\/span>\n<\/p>\n<p><label> <span class=\"wpcf7-form-control-wrap\" data-name=\"your-message\"><textarea cols=\"40\" rows=\"10\" maxlength=\"2000\" class=\"wpcf7-form-control wpcf7-textarea wpcf7-validates-as-required\" aria-required=\"true\" aria-invalid=\"false\" placeholder=\"Cu\u00e9ntanos un poco sobre tu proyecto*\" name=\"your-message\"><\/textarea><\/span> <\/label>\n<\/p>\n<input class=\"wpcf7-form-control wpcf7-hidden\" value=\"\" type=\"hidden\" name=\"utm_source\" \/>\n<input class=\"wpcf7-form-control wpcf7-hidden\" value=\"\" type=\"hidden\" name=\"utm_campaign\" \/>\n<p><span class=\"wpcf7-form-control-wrap\" data-name=\"acceptance-680\"><span class=\"wpcf7-form-control wpcf7-acceptance\"><span class=\"wpcf7-list-item\"><label><input type=\"checkbox\" name=\"acceptance-680\" value=\"1\" aria-invalid=\"false\" \/><span class=\"wpcf7-list-item-label\">He le\u00eddo y acepto la <a href=\"https:\/\/tendalscaballol.com\/?page_id=463\">pol\u00edtica de protecci\u00f3n de datos.<\/a> *<\/span><\/label><\/span><\/span><\/span>\n<\/p>\n<p>Informaci\u00f3n sobre el tratamiento de datos (Reglamento (UE) 2016\/679 y LO 3\/2018)<br \/>\nResponsable del tratamiento: Toldos y Tapizados Caballol, SL. y Caballol-Clapera, SL. i Caballol-Clapera, SL.<br \/>\nFinalidad: Ofrecer, prestar y facturar nuestros servicios y productos.<br \/>\nLegitimaci\u00f3n: Consentimiento del interesado.<br \/>\nDestinatarios: Los datos no se ceder\u00e1n a terceros, salvo que lo exija una ley o sea necesario para cumplir con la finalidad del tratamiento.<br \/>\nDerechos: Acceder, rectificar y suprimir datos, as\u00ed como el resto que se explica en la pol\u00edtica de protecci\u00f3n de datos.<br \/>\nM\u00e1s informaci\u00f3n en nuestra pol\u00edtica de protecci\u00f3n de datos.<br \/>\n* Campos obligatorios\n<\/p>\n<p><input class=\"wpcf7-form-control wpcf7-submit has-spinner\" type=\"submit\" value=\"ENVIAR EL MISSATGE\" \/>\n<\/p><div class=\"wpcf7-response-output\" aria-hidden=\"true\"><\/div>\n<\/form>\n<\/div>\n[\/vc_column][\/vc_row][vc_row][vc_column offset=\u00bbvc_hidden-lg vc_hidden-md\u00bb][vc_column_text]<\/p>\n<h4 class=\"title\"><i class=\"fas fa-arrow-right\" style=\"color:#F97C8E\" aria-hidden=\"true\"><\/i> PROYECTO<\/h4>\n<p data-pm-slice=\"1 1 []\">En esta vivienda, el tejido no es un complemento, sino el protagonista que define el car\u00e1cter de cada espacio. Hemos realizado un proyecto integral en el que la procedencia y la calidad de los tejidos (belgas, austriacos, egipcios) son el hilo conductor de un hogar sofisticado y extremadamente confortable.<\/p>\n<p>Comedor de impacto: Hemos instalado cortinas de pliegue perfecto con un tejido belga de alta calidad Su dise\u00f1o atrevido se ha coordinado con el mural de la pared, creando una continuidad visual art\u00edstica. El conjunto se sostiene sobre barras italianas de dise\u00f1o, con un perfil ancho que aporta una presencia escultural.<\/p>\n<p>Cocina y sal\u00f3n n\u00f3rdico: Buscando la luminosidad del norte de Europa, hemos combinado paquettos de tejido austriaco con una greca de color liso, coordinados con una cortina de pliegue perfecto que reproduce el mismo vivo en el detalle. Para completar el confort del sof\u00e1, una manta de pelo en color tierra aporta la calidez definitiva.<\/p>\n<p>La habitaci\u00f3n: El descanso se convierte en una experiencia sensorial gracias a una selecci\u00f3n de materiales de \u00e9lite.<\/p>\n<ul>\n<li>La cama: Vestida con una funda n\u00f3rdica de 400 hilos en algod\u00f3n egipcio de fibras largas, peinado y mercerizado. El color azul petr\u00f3leo preside la estancia, acompa\u00f1ado de complementos, pie de cama y cojines en lino natural.<\/li>\n<li>Las ventanas combinan cortinas de pliegue perfecto en terciopelo con aislamiento t\u00e9rmico y cortinas plisadas opacas instaladas en el interior del vidrio, garantizando una oscuridad y un silencio absolutos.<\/li>\n<\/ul>\n<p>Soluciones t\u00e9cnicas para ba\u00f1os y escaleras:<\/p>\n<p>Para las zonas de paso y de agua, hemos optado por la versatilidad de las cortinas plisadas multiposici\u00f3n en tejido transl\u00facido. Este sistema permite mover la cortina tanto desde arriba como desde abajo, regulando la privacidad exacta en cada momento.<\/p>\n<p>La experiencia se completa con toallas de 580 g, de rizo de algod\u00f3n peinado extralargo para una absorci\u00f3n y suavidad superiores.<\/p>\n<p>Nuestra filosof\u00eda: Creemos que la calidad se percibe en el tacto. Desde la ca\u00edda de un terciopelo hasta la resistencia de un rizo de algod\u00f3n, cada elemento de este proyecto ha sido elegido para perdurar y emocionar.<\/p>\n<p>[\/vc_column_text][vc_btn title=\u00bb<b>SOLICITA TU PRESUPUESTO<\/b>\u00bb style=\u00bbcustom\u00bb custom_background=\u00bb#f97c8e\u00bb custom_text=\u00bb#ffffff\u00bb shape=\u00bbround\u00bb css=\u00bb.vc_custom_1695802183562{margin-left: 20px !important;border-left-width: 20px !important;}\u00bb link=\u00bburl:https%3A%2F%2Ftendalscaballol.com%2Fes%2Fproyectos%2F%23PRESSUPOST|title:PRESUPUESTO|target:_blank|\u00bb][vc_video link=\u00bbhttps:\/\/youtube.com\/shorts\/sPaozACwwJM\u00bb][vc_single_image image=\u00bb4260&#8243; img_size=\u00bbfull\u00bb alignment=\u00bbcenter\u00bb][vc_single_image image=\u00bb4263&#8243; img_size=\u00bbfull\u00bb alignment=\u00bbcenter\u00bb][vc_single_image image=\u00bb4265&#8243; img_size=\u00bbfull\u00bb alignment=\u00bbcenter\u00bb][vc_single_image image=\u00bb4286&#8243; img_size=\u00bbfull\u00bb][vc_single_image image=\u00bb4269&#8243; img_size=\u00bbfull\u00bb][vc_single_image image=\u00bb4275&#8243; img_size=\u00bbfull\u00bb alignment=\u00bbcenter\u00bb][vc_single_image image=\u00bb4291&#8243; img_size=\u00bbfull\u00bb alignment=\u00bbcenter\u00bb][vc_single_image image=\u00bb4277&#8243; img_size=\u00bbfull\u00bb alignment=\u00bbcenter\u00bb][vc_single_image image=\u00bb4279&#8243; img_size=\u00bbfull\u00bb][vc_single_image image=\u00bb4288&#8243; img_size=\u00bbfull\u00bb alignment=\u00bbcenter\u00bb]\n<div class=\"wpcf7 no-js\" id=\"wpcf7-f1684-o2\" lang=\"es-ES\" dir=\"ltr\" data-wpcf7-id=\"1684\">\n<div class=\"screen-reader-response\"><p role=\"status\" aria-live=\"polite\" aria-atomic=\"true\"><\/p> <ul><\/ul><\/div>\n<form action=\"\/es\/wp-json\/wp\/v2\/portfolio\/4259#wpcf7-f1684-o2\" method=\"post\" class=\"wpcf7-form init\" aria-label=\"Formulario de contacto\" novalidate=\"novalidate\" data-status=\"init\">\n<fieldset class=\"hidden-fields-container\"><input type=\"hidden\" name=\"_wpcf7\" value=\"1684\" \/><input type=\"hidden\" name=\"_wpcf7_version\" value=\"6.1.7\" \/><input type=\"hidden\" name=\"_wpcf7_locale\" value=\"es_ES\" \/><input type=\"hidden\" name=\"_wpcf7_unit_tag\" value=\"wpcf7-f1684-o2\" \/><input type=\"hidden\" name=\"_wpcf7_container_post\" value=\"0\" \/><input type=\"hidden\" name=\"_wpcf7_posted_data_hash\" value=\"\" \/><input type=\"hidden\" name=\"_wpcf7_recaptcha_response\" value=\"\" \/>\n<\/fieldset>\n<p><label> <span class=\"wpcf7-form-control-wrap\" data-name=\"your-name\"><input size=\"40\" maxlength=\"400\" class=\"wpcf7-form-control wpcf7-text wpcf7-validates-as-required\" aria-required=\"true\" aria-invalid=\"false\" placeholder=\"Nombre y Apellidos*\" value=\"\" type=\"text\" name=\"your-name\" \/><\/span> <\/label>\n<\/p>\n<p><label> <span class=\"wpcf7-form-control-wrap\" data-name=\"tel-764\"><input size=\"40\" maxlength=\"400\" class=\"wpcf7-form-control wpcf7-tel wpcf7-validates-as-required wpcf7-text wpcf7-validates-as-tel\" aria-required=\"true\" aria-invalid=\"false\" placeholder=\"Tel\u00e9fono*\" value=\"\" type=\"tel\" name=\"tel-764\" \/><\/span> <\/label>\n<\/p>\n<p><label> <span class=\"wpcf7-form-control-wrap\" data-name=\"your-email\"><input size=\"40\" maxlength=\"400\" class=\"wpcf7-form-control wpcf7-email wpcf7-validates-as-required wpcf7-text wpcf7-validates-as-email\" aria-required=\"true\" aria-invalid=\"false\" placeholder=\"Correo electr\u00f3nico*\" value=\"\" type=\"email\" name=\"your-email\" \/><\/span> <\/label>\n<\/p>\n<p><label> <span class=\"wpcf7-form-control-wrap\" data-name=\"Poblaci\"><input size=\"40\" maxlength=\"400\" class=\"wpcf7-form-control wpcf7-text wpcf7-validates-as-required\" aria-required=\"true\" aria-invalid=\"false\" placeholder=\"Localidad*\" value=\"\" type=\"text\" name=\"Poblaci\" \/><\/span> <\/label>\n<\/p>\n<p>Estoy interesado\/da en:<br \/>\n<span class=\"wpcf7-form-control-wrap\" data-name=\"checkbox-469\"><span class=\"wpcf7-form-control wpcf7-checkbox\"><span class=\"wpcf7-list-item first\"><label><input type=\"checkbox\" name=\"checkbox-469[]\" value=\"Toldos\" \/><span class=\"wpcf7-list-item-label\">Toldos<\/span><\/label><\/span><span class=\"wpcf7-list-item\"><label><input type=\"checkbox\" name=\"checkbox-469[]\" value=\"P\u00e9rgolas\" \/><span class=\"wpcf7-list-item-label\">P\u00e9rgolas<\/span><\/label><\/span><span class=\"wpcf7-list-item\"><label><input type=\"checkbox\" name=\"checkbox-469[]\" value=\"Motorizaci\u00f3n y dom\u00f3tica\" \/><span class=\"wpcf7-list-item-label\">Motorizaci\u00f3n y dom\u00f3tica<\/span><\/label><\/span><span class=\"wpcf7-list-item\"><label><input type=\"checkbox\" name=\"checkbox-469[]\" value=\"Cortinas\" \/><span class=\"wpcf7-list-item-label\">Cortinas<\/span><\/label><\/span><span class=\"wpcf7-list-item last\"><label><input type=\"checkbox\" name=\"checkbox-469[]\" value=\"Mosquiteras\" \/><span class=\"wpcf7-list-item-label\">Mosquiteras<\/span><\/label><\/span><\/span><\/span>\n<\/p>\n<p><label> <span class=\"wpcf7-form-control-wrap\" data-name=\"your-message\"><textarea cols=\"40\" rows=\"10\" maxlength=\"2000\" class=\"wpcf7-form-control wpcf7-textarea wpcf7-validates-as-required\" aria-required=\"true\" aria-invalid=\"false\" placeholder=\"Cu\u00e9ntanos un poco sobre tu proyecto*\" name=\"your-message\"><\/textarea><\/span> <\/label>\n<\/p>\n<input class=\"wpcf7-form-control wpcf7-hidden\" value=\"\" type=\"hidden\" name=\"utm_source\" \/>\n<input class=\"wpcf7-form-control wpcf7-hidden\" value=\"\" type=\"hidden\" name=\"utm_campaign\" \/>\n<p><span class=\"wpcf7-form-control-wrap\" data-name=\"acceptance-680\"><span class=\"wpcf7-form-control wpcf7-acceptance\"><span class=\"wpcf7-list-item\"><label><input type=\"checkbox\" name=\"acceptance-680\" value=\"1\" aria-invalid=\"false\" \/><span class=\"wpcf7-list-item-label\">He le\u00eddo y acepto la <a href=\"https:\/\/tendalscaballol.com\/?page_id=463\">pol\u00edtica de protecci\u00f3n de datos.<\/a> *<\/span><\/label><\/span><\/span><\/span>\n<\/p>\n<p>Informaci\u00f3n sobre el tratamiento de datos (Reglamento (UE) 2016\/679 y LO 3\/2018)<br \/>\nResponsable del tratamiento: Toldos y Tapizados Caballol, SL. y Caballol-Clapera, SL. i Caballol-Clapera, SL.<br \/>\nFinalidad: Ofrecer, prestar y facturar nuestros servicios y productos.<br \/>\nLegitimaci\u00f3n: Consentimiento del interesado.<br \/>\nDestinatarios: Los datos no se ceder\u00e1n a terceros, salvo que lo exija una ley o sea necesario para cumplir con la finalidad del tratamiento.<br \/>\nDerechos: Acceder, rectificar y suprimir datos, as\u00ed como el resto que se explica en la pol\u00edtica de protecci\u00f3n de datos.<br \/>\nM\u00e1s informaci\u00f3n en nuestra pol\u00edtica de protecci\u00f3n de datos.<br \/>\n* Campos obligatorios\n<\/p>\n<p><input class=\"wpcf7-form-control wpcf7-submit has-spinner\" type=\"submit\" value=\"ENVIAR EL MISSATGE\" \/>\n<\/p><div class=\"wpcf7-response-output\" aria-hidden=\"true\"><\/div>\n<\/form>\n<\/div>\n[\/vc_column][\/vc_row]<\/p>\n<\/div>","protected":false},"excerpt":{"rendered":"<p>[vc_section full_width=\u00bbstretch_row_content\u00bb full_height=\u00bbyes\u00bb content_placement=\u00bbmiddle\u00bb css=\u00bb.vc_custom_1746028978903{background-image: url(https:\/\/tendalscaballol.com\/wp-content\/uploads\/2025\/04\/andorra-6.png?id=4260) !important;background-position: center !important;background-repeat: no-repeat !important;background-size: cover !important;}\u00bb][vc_row full_width=\u00bbstretch_row\u00bb css=\u00bb.vc_custom_1677155097808{background-color: rgba(191,175,176,0.85) !important;*background-color: rgb(191,175,176) !important;}\u00bb][vc_column][vc_column_text] ARQUITECTURA TEXTIL [\/vc_column_text][vc_row_inner][vc_column_inner width=\u00bb1\/3&#8243;][vc_column_text] Proyecto VIVIENDA [\/vc_column_text][\/vc_column_inner][vc_column_inner<span class=\"excerpt-hellip\"> [\u2026]<\/span><\/p>\n","protected":false},"author":2,"featured_media":4261,"menu_order":2,"comment_status":"closed","ping_status":"closed","template":"","meta":[],"portfolio-types":[162,163,166],"class_list":["post-4259","portfolio","type-portfolio","status-publish","has-post-thumbnail","hentry","portfolio-types-cortinas","portfolio-types-interior-es","portfolio-types-ropa-para-el-hogar"],"yoast_head":"<!-- This site is optimized with the Yoast SEO plugin v28.4 - https:\/\/yoast.com\/product\/yoast-seo-wordpress\/ -->\n<title>ARQUITECTURA TEXTIL - Tendals Caballol<\/title>\n<meta name=\"robots\" content=\"index, follow, max-snippet:-1, max-image-preview:large, max-video-preview:-1\" \/>\n<link rel=\"canonical\" href=\"https:\/\/tendalscaballol.com\/es\/portfolio-item\/proyecto-integral-cortinas-y-deco-textil-2\/\" \/>\n<meta property=\"og:locale\" content=\"es_ES\" \/>\n<meta property=\"og:type\" content=\"article\" \/>\n<meta property=\"og:title\" content=\"ARQUITECTURA TEXTIL - Tendals Caballol\" \/>\n<meta property=\"og:description\" content=\"[vc_section full_width=\u00bbstretch_row_content\u00bb full_height=\u00bbyes\u00bb content_placement=\u00bbmiddle\u00bb css=\u00bb.vc_custom_1746028978903{background-image: url(https:\/\/tendalscaballol.com\/wp-content\/uploads\/2025\/04\/andorra-6.png?id=4260) !important;background-position: center !important;background-repeat: no-repeat !important;background-size: cover !important;}\u00bb][vc_row full_width=\u00bbstretch_row\u00bb css=\u00bb.vc_custom_1677155097808{background-color: rgba(191,175,176,0.85) !important;*background-color: rgb(191,175,176) !important;}\u00bb][vc_column][vc_column_text] ARQUITECTURA TEXTIL [\/vc_column_text][vc_row_inner][vc_column_inner width=\u00bb1\/3&#8243;][vc_column_text] Proyecto VIVIENDA [\/vc_column_text][\/vc_column_inner][vc_column_inner [\u2026]\" \/>\n<meta property=\"og:url\" content=\"https:\/\/tendalscaballol.com\/es\/portfolio-item\/proyecto-integral-cortinas-y-deco-textil-2\/\" \/>\n<meta property=\"og:site_name\" content=\"Tendals Caballol\" \/>\n<meta property=\"article:publisher\" content=\"https:\/\/www.facebook.com\/caballoltendalsicortines\" \/>\n<meta property=\"article:modified_time\" content=\"2026-04-10T14:56:54+00:00\" \/>\n<meta property=\"og:image\" content=\"https:\/\/tendalscaballol.com\/wp-content\/uploads\/2025\/04\/andorra-6-1024x682.png\" \/>\n\t<meta property=\"og:image:width\" content=\"1024\" \/>\n\t<meta property=\"og:image:height\" content=\"682\" \/>\n\t<meta property=\"og:image:type\" content=\"image\/png\" \/>\n<meta name=\"twitter:card\" content=\"summary_large_image\" \/>\n<meta name=\"twitter:label1\" content=\"Tiempo de lectura\" \/>\n\t<meta name=\"twitter:data1\" content=\"6 minutos\" \/>\n<script type=\"application\/ld+json\" class=\"yoast-schema-graph\">{\"@context\":\"https:\\\/\\\/schema.org\",\"@graph\":[{\"@type\":\"WebPage\",\"@id\":\"https:\\\/\\\/tendalscaballol.com\\\/es\\\/portfolio-item\\\/proyecto-integral-cortinas-y-deco-textil-2\\\/\",\"url\":\"https:\\\/\\\/tendalscaballol.com\\\/es\\\/portfolio-item\\\/proyecto-integral-cortinas-y-deco-textil-2\\\/\",\"name\":\"ARQUITECTURA TEXTIL - Tendals Caballol\",\"isPartOf\":{\"@id\":\"https:\\\/\\\/tendalscaballol.com\\\/es\\\/#website\"},\"primaryImageOfPage\":{\"@id\":\"https:\\\/\\\/tendalscaballol.com\\\/es\\\/portfolio-item\\\/proyecto-integral-cortinas-y-deco-textil-2\\\/#primaryimage\"},\"image\":{\"@id\":\"https:\\\/\\\/tendalscaballol.com\\\/es\\\/portfolio-item\\\/proyecto-integral-cortinas-y-deco-textil-2\\\/#primaryimage\"},\"thumbnailUrl\":\"https:\\\/\\\/tendalscaballol.com\\\/wp-content\\\/uploads\\\/2025\\\/04\\\/andorra-6.png\",\"datePublished\":\"2026-02-20T16:02:06+00:00\",\"dateModified\":\"2026-04-10T14:56:54+00:00\",\"breadcrumb\":{\"@id\":\"https:\\\/\\\/tendalscaballol.com\\\/es\\\/portfolio-item\\\/proyecto-integral-cortinas-y-deco-textil-2\\\/#breadcrumb\"},\"inLanguage\":\"es\",\"potentialAction\":[{\"@type\":\"ReadAction\",\"target\":[\"https:\\\/\\\/tendalscaballol.com\\\/es\\\/portfolio-item\\\/proyecto-integral-cortinas-y-deco-textil-2\\\/\"]}]},{\"@type\":\"ImageObject\",\"inLanguage\":\"es\",\"@id\":\"https:\\\/\\\/tendalscaballol.com\\\/es\\\/portfolio-item\\\/proyecto-integral-cortinas-y-deco-textil-2\\\/#primaryimage\",\"url\":\"https:\\\/\\\/tendalscaballol.com\\\/wp-content\\\/uploads\\\/2025\\\/04\\\/andorra-6.png\",\"contentUrl\":\"https:\\\/\\\/tendalscaballol.com\\\/wp-content\\\/uploads\\\/2025\\\/04\\\/andorra-6.png\",\"width\":1600,\"height\":1066},{\"@type\":\"BreadcrumbList\",\"@id\":\"https:\\\/\\\/tendalscaballol.com\\\/es\\\/portfolio-item\\\/proyecto-integral-cortinas-y-deco-textil-2\\\/#breadcrumb\",\"itemListElement\":[{\"@type\":\"ListItem\",\"position\":1,\"name\":\"Portada\",\"item\":\"https:\\\/\\\/tendalscaballol.com\\\/es\\\/\"},{\"@type\":\"ListItem\",\"position\":2,\"name\":\"ARQUITECTURA TEXTIL\"}]},{\"@type\":\"WebSite\",\"@id\":\"https:\\\/\\\/tendalscaballol.com\\\/es\\\/#website\",\"url\":\"https:\\\/\\\/tendalscaballol.com\\\/es\\\/\",\"name\":\"Tendals Caballol\",\"description\":\"Tendalls, cortines i roba de la llar\",\"publisher\":{\"@id\":\"https:\\\/\\\/tendalscaballol.com\\\/es\\\/#organization\"},\"potentialAction\":[{\"@type\":\"SearchAction\",\"target\":{\"@type\":\"EntryPoint\",\"urlTemplate\":\"https:\\\/\\\/tendalscaballol.com\\\/es\\\/?s={search_term_string}\"},\"query-input\":{\"@type\":\"PropertyValueSpecification\",\"valueRequired\":true,\"valueName\":\"search_term_string\"}}],\"inLanguage\":\"es\"},{\"@type\":\"Organization\",\"@id\":\"https:\\\/\\\/tendalscaballol.com\\\/es\\\/#organization\",\"name\":\"Tendals Caballol\",\"url\":\"https:\\\/\\\/tendalscaballol.com\\\/es\\\/\",\"logo\":{\"@type\":\"ImageObject\",\"inLanguage\":\"es\",\"@id\":\"https:\\\/\\\/tendalscaballol.com\\\/es\\\/#\\\/schema\\\/logo\\\/image\\\/\",\"url\":\"https:\\\/\\\/tendalscaballol.com\\\/wp-content\\\/uploads\\\/2022\\\/10\\\/cropped-01-caballol-tendals-i-cortines.png\",\"contentUrl\":\"https:\\\/\\\/tendalscaballol.com\\\/wp-content\\\/uploads\\\/2022\\\/10\\\/cropped-01-caballol-tendals-i-cortines.png\",\"width\":1920,\"height\":1080,\"caption\":\"Tendals Caballol\"},\"image\":{\"@id\":\"https:\\\/\\\/tendalscaballol.com\\\/es\\\/#\\\/schema\\\/logo\\\/image\\\/\"},\"sameAs\":[\"https:\\\/\\\/www.facebook.com\\\/caballoltendalsicortines\",\"https:\\\/\\\/www.instagram.com\\\/caballoltendalsicortines\\\/\",\"https:\\\/\\\/es.pinterest.com\\\/caballoltendalsicortines\\\/\"]}]}<\/script>\n<!-- \/ Yoast SEO plugin. -->","yoast_head_json":{"title":"ARQUITECTURA TEXTIL - Tendals Caballol","robots":{"index":"index","follow":"follow","max-snippet":"max-snippet:-1","max-image-preview":"max-image-preview:large","max-video-preview":"max-video-preview:-1"},"canonical":"https:\/\/tendalscaballol.com\/es\/portfolio-item\/proyecto-integral-cortinas-y-deco-textil-2\/","og_locale":"es_ES","og_type":"article","og_title":"ARQUITECTURA TEXTIL - Tendals Caballol","og_description":"[vc_section full_width=\u00bbstretch_row_content\u00bb full_height=\u00bbyes\u00bb content_placement=\u00bbmiddle\u00bb css=\u00bb.vc_custom_1746028978903{background-image: url(https:\/\/tendalscaballol.com\/wp-content\/uploads\/2025\/04\/andorra-6.png?id=4260) !important;background-position: center !important;background-repeat: no-repeat !important;background-size: cover !important;}\u00bb][vc_row full_width=\u00bbstretch_row\u00bb css=\u00bb.vc_custom_1677155097808{background-color: rgba(191,175,176,0.85) !important;*background-color: rgb(191,175,176) !important;}\u00bb][vc_column][vc_column_text] ARQUITECTURA TEXTIL [\/vc_column_text][vc_row_inner][vc_column_inner width=\u00bb1\/3&#8243;][vc_column_text] Proyecto VIVIENDA [\/vc_column_text][\/vc_column_inner][vc_column_inner [\u2026]","og_url":"https:\/\/tendalscaballol.com\/es\/portfolio-item\/proyecto-integral-cortinas-y-deco-textil-2\/","og_site_name":"Tendals Caballol","article_publisher":"https:\/\/www.facebook.com\/caballoltendalsicortines","article_modified_time":"2026-04-10T14:56:54+00:00","og_image":[{"width":1024,"height":682,"url":"https:\/\/tendalscaballol.com\/wp-content\/uploads\/2025\/04\/andorra-6-1024x682.png","type":"image\/png"}],"twitter_card":"summary_large_image","twitter_misc":{"Tiempo de lectura":"6 minutos"},"schema":{"@context":"https:\/\/schema.org","@graph":[{"@type":"WebPage","@id":"https:\/\/tendalscaballol.com\/es\/portfolio-item\/proyecto-integral-cortinas-y-deco-textil-2\/","url":"https:\/\/tendalscaballol.com\/es\/portfolio-item\/proyecto-integral-cortinas-y-deco-textil-2\/","name":"ARQUITECTURA TEXTIL - Tendals Caballol","isPartOf":{"@id":"https:\/\/tendalscaballol.com\/es\/#website"},"primaryImageOfPage":{"@id":"https:\/\/tendalscaballol.com\/es\/portfolio-item\/proyecto-integral-cortinas-y-deco-textil-2\/#primaryimage"},"image":{"@id":"https:\/\/tendalscaballol.com\/es\/portfolio-item\/proyecto-integral-cortinas-y-deco-textil-2\/#primaryimage"},"thumbnailUrl":"https:\/\/tendalscaballol.com\/wp-content\/uploads\/2025\/04\/andorra-6.png","datePublished":"2026-02-20T16:02:06+00:00","dateModified":"2026-04-10T14:56:54+00:00","breadcrumb":{"@id":"https:\/\/tendalscaballol.com\/es\/portfolio-item\/proyecto-integral-cortinas-y-deco-textil-2\/#breadcrumb"},"inLanguage":"es","potentialAction":[{"@type":"ReadAction","target":["https:\/\/tendalscaballol.com\/es\/portfolio-item\/proyecto-integral-cortinas-y-deco-textil-2\/"]}]},{"@type":"ImageObject","inLanguage":"es","@id":"https:\/\/tendalscaballol.com\/es\/portfolio-item\/proyecto-integral-cortinas-y-deco-textil-2\/#primaryimage","url":"https:\/\/tendalscaballol.com\/wp-content\/uploads\/2025\/04\/andorra-6.png","contentUrl":"https:\/\/tendalscaballol.com\/wp-content\/uploads\/2025\/04\/andorra-6.png","width":1600,"height":1066},{"@type":"BreadcrumbList","@id":"https:\/\/tendalscaballol.com\/es\/portfolio-item\/proyecto-integral-cortinas-y-deco-textil-2\/#breadcrumb","itemListElement":[{"@type":"ListItem","position":1,"name":"Portada","item":"https:\/\/tendalscaballol.com\/es\/"},{"@type":"ListItem","position":2,"name":"ARQUITECTURA TEXTIL"}]},{"@type":"WebSite","@id":"https:\/\/tendalscaballol.com\/es\/#website","url":"https:\/\/tendalscaballol.com\/es\/","name":"Tendals Caballol","description":"Tendalls, cortines i roba de la llar","publisher":{"@id":"https:\/\/tendalscaballol.com\/es\/#organization"},"potentialAction":[{"@type":"SearchAction","target":{"@type":"EntryPoint","urlTemplate":"https:\/\/tendalscaballol.com\/es\/?s={search_term_string}"},"query-input":{"@type":"PropertyValueSpecification","valueRequired":true,"valueName":"search_term_string"}}],"inLanguage":"es"},{"@type":"Organization","@id":"https:\/\/tendalscaballol.com\/es\/#organization","name":"Tendals Caballol","url":"https:\/\/tendalscaballol.com\/es\/","logo":{"@type":"ImageObject","inLanguage":"es","@id":"https:\/\/tendalscaballol.com\/es\/#\/schema\/logo\/image\/","url":"https:\/\/tendalscaballol.com\/wp-content\/uploads\/2022\/10\/cropped-01-caballol-tendals-i-cortines.png","contentUrl":"https:\/\/tendalscaballol.com\/wp-content\/uploads\/2022\/10\/cropped-01-caballol-tendals-i-cortines.png","width":1920,"height":1080,"caption":"Tendals Caballol"},"image":{"@id":"https:\/\/tendalscaballol.com\/es\/#\/schema\/logo\/image\/"},"sameAs":["https:\/\/www.facebook.com\/caballoltendalsicortines","https:\/\/www.instagram.com\/caballoltendalsicortines\/","https:\/\/es.pinterest.com\/caballoltendalsicortines\/"]}]}},"_links":{"self":[{"href":"https:\/\/tendalscaballol.com\/es\/wp-json\/wp\/v2\/portfolio\/4259","targetHints":{"allow":["GET"]}}],"collection":[{"href":"https:\/\/tendalscaballol.com\/es\/wp-json\/wp\/v2\/portfolio"}],"about":[{"href":"https:\/\/tendalscaballol.com\/es\/wp-json\/wp\/v2\/types\/portfolio"}],"author":[{"embeddable":true,"href":"https:\/\/tendalscaballol.com\/es\/wp-json\/wp\/v2\/users\/2"}],"replies":[{"embeddable":true,"href":"https:\/\/tendalscaballol.com\/es\/wp-json\/wp\/v2\/comments?post=4259"}],"wp:featuredmedia":[{"embeddable":true,"href":"https:\/\/tendalscaballol.com\/es\/wp-json\/wp\/v2\/media\/4261"}],"wp:attachment":[{"href":"https:\/\/tendalscaballol.com\/es\/wp-json\/wp\/v2\/media?parent=4259"}],"wp:term":[{"taxonomy":"portfolio-types","embeddable":true,"href":"https:\/\/tendalscaballol.com\/es\/wp-json\/wp\/v2\/portfolio-types?post=4259"}],"curies":[{"name":"wp","href":"https:\/\/api.w.org\/{rel}","templated":true}]}}